{"id":3757,"date":"2022-10-18T18:00:38","date_gmt":"2022-10-18T16:00:38","guid":{"rendered":"http:\/\/www.nfv09.de\/home\/?page_id=3757"},"modified":"2025-01-14T18:55:10","modified_gmt":"2025-01-14T17:55:10","slug":"fanartikel","status":"publish","type":"page","link":"https:\/\/www.nfv09.de\/home\/fanartikel\/","title":{"rendered":"Fanartikel"},"content":{"rendered":"\n<p><\/p>\n\n\n\n<div class=\"wp-block-columns is-layout-flex wp-container-core-columns-is-layout-28f84493 wp-block-columns-is-layout-flex\">\n<div class=\"wp-block-column is-vertically-aligned-center is-layout-flow wp-block-column-is-layout-flow\">\n<figure class=\"wp-block-image size-large\"><img fetchpriority=\"high\" decoding=\"async\" width=\"1024\" height=\"683\" src=\"https:\/\/www.nfv09.de\/home\/wp-content\/uploads\/2022\/10\/Blechtafel1-1-1024x683.jpg\" alt=\"\" class=\"wp-image-3781\" srcset=\"https:\/\/www.nfv09.de\/home\/wp-content\/uploads\/2022\/10\/Blechtafel1-1-1024x683.jpg 1024w, https:\/\/www.nfv09.de\/home\/wp-content\/uploads\/2022\/10\/Blechtafel1-1-300x200.jpg 300w, https:\/\/www.nfv09.de\/home\/wp-content\/uploads\/2022\/10\/Blechtafel1-1-768x513.jpg 768w, https:\/\/www.nfv09.de\/home\/wp-content\/uploads\/2022\/10\/Blechtafel1-1-1536x1025.jpg 1536w, https:\/\/www.nfv09.de\/home\/wp-content\/uploads\/2022\/10\/Blechtafel1-1-2048x1367.jpg 2048w\" sizes=\"(max-width: 1024px) 100vw, 1024px\" \/><\/figure>\n<\/div>\n\n\n\n<div class=\"wp-block-column is-vertically-aligned-center is-layout-flow wp-block-column-is-layout-flow\">\n<p class=\"has-text-align-center\"><strong>Blechschild<\/strong> <\/p>\n\n\n\n<p class=\"has-text-align-center has-black-color has-text-color\"><strong>100 Jahre NFV Gelb-Wei\u00df G\u00f6rlitz 09 e.V. <\/strong><\/p>\n\n\n\n<p class=\"has-text-align-center has-black-color has-text-color\"><strong>6,00 Euro <\/strong><\/p>\n<\/div>\n<\/div>\n\n\n\n<hr class=\"wp-block-separator has-alpha-channel-opacity\"\/>\n\n\n\n<p class=\"has-small-font-size\"><\/p>\n\n\n\n<div class=\"wp-block-columns is-layout-flex wp-container-core-columns-is-layout-28f84493 wp-block-columns-is-layout-flex\">\n<div class=\"wp-block-column is-vertically-aligned-center is-layout-flow wp-block-column-is-layout-flow\">\n<figure class=\"wp-block-image size-large\"><img decoding=\"async\" width=\"732\" height=\"1024\" src=\"https:\/\/www.nfv09.de\/home\/wp-content\/uploads\/2022\/10\/Buch-vorn-1-732x1024.jpg\" alt=\"\" class=\"wp-image-3777\" srcset=\"https:\/\/www.nfv09.de\/home\/wp-content\/uploads\/2022\/10\/Buch-vorn-1-732x1024.jpg 732w, https:\/\/www.nfv09.de\/home\/wp-content\/uploads\/2022\/10\/Buch-vorn-1-214x300.jpg 214w, https:\/\/www.nfv09.de\/home\/wp-content\/uploads\/2022\/10\/Buch-vorn-1-768x1075.jpg 768w, https:\/\/www.nfv09.de\/home\/wp-content\/uploads\/2022\/10\/Buch-vorn-1-1097x1536.jpg 1097w, https:\/\/www.nfv09.de\/home\/wp-content\/uploads\/2022\/10\/Buch-vorn-1.jpg 1246w\" sizes=\"(max-width: 732px) 100vw, 732px\" \/><\/figure>\n<\/div>\n\n\n\n<div class=\"wp-block-column is-vertically-aligned-center is-layout-flow wp-block-column-is-layout-flow\">\n<figure class=\"wp-block-image size-large\"><img decoding=\"async\" width=\"740\" height=\"1024\" src=\"https:\/\/www.nfv09.de\/home\/wp-content\/uploads\/2022\/10\/Buch-hinten-1-740x1024.jpg\" alt=\"\" class=\"wp-image-3778\" srcset=\"https:\/\/www.nfv09.de\/home\/wp-content\/uploads\/2022\/10\/Buch-hinten-1-740x1024.jpg 740w, https:\/\/www.nfv09.de\/home\/wp-content\/uploads\/2022\/10\/Buch-hinten-1-217x300.jpg 217w, https:\/\/www.nfv09.de\/home\/wp-content\/uploads\/2022\/10\/Buch-hinten-1-768x1063.jpg 768w, https:\/\/www.nfv09.de\/home\/wp-content\/uploads\/2022\/10\/Buch-hinten-1-1109x1536.jpg 1109w, https:\/\/www.nfv09.de\/home\/wp-content\/uploads\/2022\/10\/Buch-hinten-1.jpg 1298w\" sizes=\"(max-width: 740px) 100vw, 740px\" \/><\/figure>\n<\/div>\n\n\n\n<div class=\"wp-block-column is-vertically-aligned-center is-layout-flow wp-block-column-is-layout-flow\">\n<p class=\"has-text-align-center\"><strong>Buch von Rainer Menzel<\/strong><\/p>\n\n\n\n<p class=\"has-text-align-center\"><strong>NFV Gelb-Wei\u00df G\u00f6rlitz 09 e.V. <\/strong><\/p>\n\n\n\n<p class=\"has-text-align-center\"><strong>&#8222;Tooore f\u00fcr G\u00f6rlitz&#8220;<\/strong><\/p>\n\n\n\n<p class=\"has-text-align-center\"><strong>Seitenanzahl: 396<\/strong><\/p>\n\n\n\n<p class=\"has-text-align-center\"><strong>10,00 Euro <\/strong><\/p>\n<\/div>\n<\/div>\n\n\n\n<hr class=\"wp-block-separator has-alpha-channel-opacity\"\/>\n\n\n\n<div class=\"wp-block-columns is-layout-flex wp-container-core-columns-is-layout-28f84493 wp-block-columns-is-layout-flex\">\n<div class=\"wp-block-column is-vertically-aligned-center is-layout-flow wp-block-column-is-layout-flow\">\n<figure class=\"wp-block-image size-large\"><img loading=\"lazy\" decoding=\"async\" width=\"768\" height=\"1024\" src=\"https:\/\/www.nfv09.de\/home\/wp-content\/uploads\/2022\/10\/Wimpel-2-768x1024.jpg\" alt=\"\" class=\"wp-image-3772\" srcset=\"https:\/\/www.nfv09.de\/home\/wp-content\/uploads\/2022\/10\/Wimpel-2-768x1024.jpg 768w, https:\/\/www.nfv09.de\/home\/wp-content\/uploads\/2022\/10\/Wimpel-2-225x300.jpg 225w, https:\/\/www.nfv09.de\/home\/wp-content\/uploads\/2022\/10\/Wimpel-2-1152x1536.jpg 1152w, https:\/\/www.nfv09.de\/home\/wp-content\/uploads\/2022\/10\/Wimpel-2-1536x2048.jpg 1536w, https:\/\/www.nfv09.de\/home\/wp-content\/uploads\/2022\/10\/Wimpel-2-scaled.jpg 1920w\" sizes=\"(max-width: 768px) 100vw, 768px\" \/><\/figure>\n<\/div>\n\n\n\n<div class=\"wp-block-column is-vertically-aligned-center is-layout-flow wp-block-column-is-layout-flow\">\n<p class=\"has-text-align-center\"><strong>Wimpel<\/strong> <\/p>\n\n\n\n<p class=\"has-text-align-center\"><strong>NFV Gelb-Wei\u00df G\u00f6rlitz 09 e.V.<\/strong><\/p>\n\n\n\n<p class=\"has-text-align-center\"><strong>Gr\u00f6\u00dfe 37x26cm gro\u00df    15,00 Euro<\/strong><\/p>\n\n\n\n<p class=\"has-text-align-center\"><strong> Gr\u00f6\u00dfe 17x12cm klein    10,00 Euro<\/strong><\/p>\n<\/div>\n<\/div>\n\n\n\n<hr class=\"wp-block-separator has-alpha-channel-opacity\"\/>\n\n\n\n<p><strong>Gern senden wir Dir\/Ihnen den gew\u00fcnschten Artikel zu. Wir berechnen daf\u00fcr pauschal 5,90 Euro Versandkosten. <\/strong><\/p>\n\n\n\n<p><strong>Schreib einfach eine Nachricht an uns<\/strong>. <\/p>\n\n\n<div class=\"wpforms-container wpforms-container-full wpforms-block wpforms-block-3c49dee3-391f-4d67-89ca-254a710793c8\" id=\"wpforms-3792\"><form id=\"wpforms-form-3792\" class=\"wpforms-validate wpforms-form wpforms-ajax-form\" data-formid=\"3792\" method=\"post\" enctype=\"multipart\/form-data\" action=\"\/home\/wp-json\/wp\/v2\/pages\/3757\" data-token=\"038055294e7cb81fb7d20afc470406ea\" data-token-time=\"1777197934\"><noscript class=\"wpforms-error-noscript\">Bitte aktiviere JavaScript in deinem Browser, um dieses Formular fertigzustellen.<\/noscript><div class=\"wpforms-field-container\"><div id=\"wpforms-3792-field_0-container\" class=\"wpforms-field wpforms-field-name\" data-field-id=\"0\"><label class=\"wpforms-field-label\">Name <span class=\"wpforms-required-label\">*<\/span><\/label><div class=\"wpforms-field-row wpforms-field-medium\"><div class=\"wpforms-field-row-block wpforms-first wpforms-one-half\"><input type=\"text\" id=\"wpforms-3792-field_0\" class=\"wpforms-field-name-first wpforms-field-required\" name=\"wpforms[fields][0][first]\" required><label for=\"wpforms-3792-field_0\" class=\"wpforms-field-sublabel after\">Vorname<\/label><\/div><div class=\"wpforms-field-row-block wpforms-one-half\"><input type=\"text\" id=\"wpforms-3792-field_0-last\" class=\"wpforms-field-name-last wpforms-field-required\" name=\"wpforms[fields][0][last]\" required><label for=\"wpforms-3792-field_0-last\" class=\"wpforms-field-sublabel after\">Nachname<\/label><\/div><\/div><\/div><div id=\"wpforms-3792-field_1-container\" class=\"wpforms-field wpforms-field-email\" data-field-id=\"1\"><label class=\"wpforms-field-label\" for=\"wpforms-3792-field_1\">E-Mail <span class=\"wpforms-required-label\">*<\/span><\/label><input type=\"email\" id=\"wpforms-3792-field_1\" class=\"wpforms-field-medium wpforms-field-required\" name=\"wpforms[fields][1]\" spellcheck=\"false\" required><\/div><div id=\"wpforms-3792-field_2-container\" class=\"wpforms-field wpforms-field-textarea\" data-field-id=\"2\"><label class=\"wpforms-field-label\" for=\"wpforms-3792-field_2\">Kommentar oder Nachricht<\/label><textarea id=\"wpforms-3792-field_2\" class=\"wpforms-field-medium\" name=\"wpforms[fields][2]\" ><\/textarea><\/div><div id=\"wpforms-3792-field_3-container\" class=\"wpforms-field wpforms-field-gdpr-checkbox\" data-field-id=\"3\"><label class=\"wpforms-field-label\">DSGVO-Einverst\u00e4ndnis <span class=\"wpforms-required-label\">*<\/span><\/label><ul id=\"wpforms-3792-field_3\" class=\"wpforms-field-required\"><li class=\"choice-1\"><input type=\"checkbox\" id=\"wpforms-3792-field_3_1\" name=\"wpforms[fields][3][]\" value=\"Ich willige ein, dass diese Website meine \u00fcbermittelten Informationen speichert, sodass meine Anfrage beantwortet werden kann.\" required ><label class=\"wpforms-field-label-inline\" for=\"wpforms-3792-field_3_1\">Ich willige ein, dass diese Website meine \u00fcbermittelten Informationen speichert, sodass meine Anfrage beantwortet werden kann.<\/label><\/li><\/ul><\/div><\/div><!-- .wpforms-field-container --><div class=\"wpforms-recaptcha-container wpforms-is-recaptcha wpforms-is-recaptcha-type-v3\" ><input type=\"hidden\" name=\"wpforms[recaptcha]\" value=\"\"><\/div><div class=\"wpforms-submit-container\" ><input type=\"hidden\" name=\"wpforms[id]\" value=\"3792\"><input type=\"hidden\" name=\"page_title\" value=\"\"><input type=\"hidden\" name=\"page_url\" value=\"https:\/\/www.nfv09.de\/home\/wp-json\/wp\/v2\/pages\/3757\"><input type=\"hidden\" name=\"url_referer\" value=\"\"><button type=\"submit\" name=\"wpforms[submit]\" id=\"wpforms-submit-3792\" class=\"wpforms-submit\" data-alt-text=\"Senden\u2026\" data-submit-text=\"Absenden\" aria-live=\"assertive\" value=\"wpforms-submit\">Absenden<\/button><img loading=\"lazy\" decoding=\"async\" src=\"https:\/\/www.nfv09.de\/home\/wp-content\/plugins\/wpforms-lite\/assets\/images\/submit-spin.svg\" class=\"wpforms-submit-spinner\" style=\"display: none;\" width=\"26\" height=\"26\" alt=\"Wird geladen\"><\/div><\/form><\/div>  <!-- .wpforms-container -->\n\n\n<hr class=\"wp-block-separator has-alpha-channel-opacity\"\/>\n","protected":false},"excerpt":{"rendered":"<p>Blechschild 100 Jahre NFV Gelb-Wei\u00df G\u00f6rlitz 09 e.V. 6,00 Euro Buch von Rainer Menzel NFV Gelb-Wei\u00df G\u00f6rlitz 09 e.V. &#8222;Tooore f\u00fcr G\u00f6rlitz&#8220; Seitenanzahl: 396 10,00 Euro Wimpel NFV Gelb-Wei\u00df G\u00f6rlitz 09 e.V. Gr\u00f6\u00dfe 37x26cm gro\u00df 15,00 Euro Gr\u00f6\u00dfe 17x12cm klein 10,00 Euro Gern senden wir Dir\/Ihnen den gew\u00fcnschten Artikel zu. Wir berechnen daf\u00fcr pauschal 5,90 [&hellip;]<\/p>\n","protected":false},"author":17,"featured_media":0,"parent":0,"menu_order":0,"comment_status":"closed","ping_status":"closed","template":"","meta":{"footnotes":""},"class_list":["post-3757","page","type-page","status-publish","hentry"],"yoast_head":"<!-- This site is optimized with the Yoast SEO plugin v27.4 - https:\/\/yoast.com\/product\/yoast-seo-wordpress\/ -->\n<title>Fanartikel - NFV Gelb-Wei\u00df G\u00f6rlitz 09 e.V.<\/title>\n<meta name=\"robots\" content=\"index, follow, max-snippet:-1, max-image-preview:large, max-video-preview:-1\" \/>\n<link rel=\"canonical\" href=\"https:\/\/www.nfv09.de\/home\/fanartikel\/\" \/>\n<meta property=\"og:locale\" content=\"de_DE\" \/>\n<meta property=\"og:type\" content=\"article\" \/>\n<meta property=\"og:title\" content=\"Fanartikel - NFV Gelb-Wei\u00df G\u00f6rlitz 09 e.V.\" \/>\n<meta property=\"og:description\" content=\"Blechschild 100 Jahre NFV Gelb-Wei\u00df G\u00f6rlitz 09 e.V. 6,00 Euro Buch von Rainer Menzel NFV Gelb-Wei\u00df G\u00f6rlitz 09 e.V. &#8222;Tooore f\u00fcr G\u00f6rlitz&#8220; Seitenanzahl: 396 10,00 Euro Wimpel NFV Gelb-Wei\u00df G\u00f6rlitz 09 e.V. Gr\u00f6\u00dfe 37x26cm gro\u00df 15,00 Euro Gr\u00f6\u00dfe 17x12cm klein 10,00 Euro Gern senden wir Dir\/Ihnen den gew\u00fcnschten Artikel zu. Wir berechnen daf\u00fcr pauschal 5,90 [&hellip;]\" \/>\n<meta property=\"og:url\" content=\"https:\/\/www.nfv09.de\/home\/fanartikel\/\" \/>\n<meta property=\"og:site_name\" content=\"NFV Gelb-Wei\u00df G\u00f6rlitz 09 e.V.\" \/>\n<meta property=\"article:modified_time\" content=\"2025-01-14T17:55:10+00:00\" \/>\n<meta property=\"og:image\" content=\"http:\/\/www.nfv09.de\/home\/wp-content\/uploads\/2022\/10\/Blechtafel1-1-1024x683.jpg\" \/>\n<meta name=\"twitter:card\" content=\"summary_large_image\" \/>\n<meta name=\"twitter:label1\" content=\"Gesch\u00e4tzte Lesezeit\" \/>\n\t<meta name=\"twitter:data1\" content=\"2\u00a0Minuten\" \/>\n<script type=\"application\/ld+json\" class=\"yoast-schema-graph\">{\"@context\":\"https:\\\/\\\/schema.org\",\"@graph\":[{\"@type\":\"WebPage\",\"@id\":\"https:\\\/\\\/www.nfv09.de\\\/home\\\/fanartikel\\\/\",\"url\":\"https:\\\/\\\/www.nfv09.de\\\/home\\\/fanartikel\\\/\",\"name\":\"Fanartikel - NFV Gelb-Wei\u00df G\u00f6rlitz 09 e.V.\",\"isPartOf\":{\"@id\":\"https:\\\/\\\/www.nfv09.de\\\/home\\\/#website\"},\"primaryImageOfPage\":{\"@id\":\"https:\\\/\\\/www.nfv09.de\\\/home\\\/fanartikel\\\/#primaryimage\"},\"image\":{\"@id\":\"https:\\\/\\\/www.nfv09.de\\\/home\\\/fanartikel\\\/#primaryimage\"},\"thumbnailUrl\":\"http:\\\/\\\/www.nfv09.de\\\/home\\\/wp-content\\\/uploads\\\/2022\\\/10\\\/Blechtafel1-1-1024x683.jpg\",\"datePublished\":\"2022-10-18T16:00:38+00:00\",\"dateModified\":\"2025-01-14T17:55:10+00:00\",\"breadcrumb\":{\"@id\":\"https:\\\/\\\/www.nfv09.de\\\/home\\\/fanartikel\\\/#breadcrumb\"},\"inLanguage\":\"de\",\"potentialAction\":[{\"@type\":\"ReadAction\",\"target\":[\"https:\\\/\\\/www.nfv09.de\\\/home\\\/fanartikel\\\/\"]}]},{\"@type\":\"ImageObject\",\"inLanguage\":\"de\",\"@id\":\"https:\\\/\\\/www.nfv09.de\\\/home\\\/fanartikel\\\/#primaryimage\",\"url\":\"http:\\\/\\\/www.nfv09.de\\\/home\\\/wp-content\\\/uploads\\\/2022\\\/10\\\/Blechtafel1-1-1024x683.jpg\",\"contentUrl\":\"http:\\\/\\\/www.nfv09.de\\\/home\\\/wp-content\\\/uploads\\\/2022\\\/10\\\/Blechtafel1-1-1024x683.jpg\"},{\"@type\":\"BreadcrumbList\",\"@id\":\"https:\\\/\\\/www.nfv09.de\\\/home\\\/fanartikel\\\/#breadcrumb\",\"itemListElement\":[{\"@type\":\"ListItem\",\"position\":1,\"name\":\"Startseite\",\"item\":\"https:\\\/\\\/www.nfv09.de\\\/home\\\/\"},{\"@type\":\"ListItem\",\"position\":2,\"name\":\"Fanartikel\"}]},{\"@type\":\"WebSite\",\"@id\":\"https:\\\/\\\/www.nfv09.de\\\/home\\\/#website\",\"url\":\"https:\\\/\\\/www.nfv09.de\\\/home\\\/\",\"name\":\"NFV Gelb-Wei\u00df G\u00f6rlitz 09 e.V.\",\"description\":\"Sachsenklasse Ost\",\"publisher\":{\"@id\":\"https:\\\/\\\/www.nfv09.de\\\/home\\\/#\\\/schema\\\/person\\\/ed693ed28e6e4b3f80b32447b2b6cbc7\"},\"potentialAction\":[{\"@type\":\"SearchAction\",\"target\":{\"@type\":\"EntryPoint\",\"urlTemplate\":\"https:\\\/\\\/www.nfv09.de\\\/home\\\/?s={search_term_string}\"},\"query-input\":{\"@type\":\"PropertyValueSpecification\",\"valueRequired\":true,\"valueName\":\"search_term_string\"}}],\"inLanguage\":\"de\"},{\"@type\":[\"Person\",\"Organization\"],\"@id\":\"https:\\\/\\\/www.nfv09.de\\\/home\\\/#\\\/schema\\\/person\\\/ed693ed28e6e4b3f80b32447b2b6cbc7\",\"name\":\"Regassi\",\"image\":{\"@type\":\"ImageObject\",\"inLanguage\":\"de\",\"@id\":\"https:\\\/\\\/www.nfv09.de\\\/home\\\/wp-content\\\/uploads\\\/2015\\\/04\\\/cropped-nfv-gelb-weiss-goerlitz-e1468573113314-1.gif\",\"url\":\"https:\\\/\\\/www.nfv09.de\\\/home\\\/wp-content\\\/uploads\\\/2015\\\/04\\\/cropped-nfv-gelb-weiss-goerlitz-e1468573113314-1.gif\",\"contentUrl\":\"https:\\\/\\\/www.nfv09.de\\\/home\\\/wp-content\\\/uploads\\\/2015\\\/04\\\/cropped-nfv-gelb-weiss-goerlitz-e1468573113314-1.gif\",\"width\":100,\"height\":122,\"caption\":\"Regassi\"},\"logo\":{\"@id\":\"https:\\\/\\\/www.nfv09.de\\\/home\\\/wp-content\\\/uploads\\\/2015\\\/04\\\/cropped-nfv-gelb-weiss-goerlitz-e1468573113314-1.gif\"}}]}<\/script>\n<!-- \/ Yoast SEO plugin. -->","yoast_head_json":{"title":"Fanartikel - NFV Gelb-Wei\u00df G\u00f6rlitz 09 e.V.","robots":{"index":"index","follow":"follow","max-snippet":"max-snippet:-1","max-image-preview":"max-image-preview:large","max-video-preview":"max-video-preview:-1"},"canonical":"https:\/\/www.nfv09.de\/home\/fanartikel\/","og_locale":"de_DE","og_type":"article","og_title":"Fanartikel - NFV Gelb-Wei\u00df G\u00f6rlitz 09 e.V.","og_description":"Blechschild 100 Jahre NFV Gelb-Wei\u00df G\u00f6rlitz 09 e.V. 6,00 Euro Buch von Rainer Menzel NFV Gelb-Wei\u00df G\u00f6rlitz 09 e.V. &#8222;Tooore f\u00fcr G\u00f6rlitz&#8220; Seitenanzahl: 396 10,00 Euro Wimpel NFV Gelb-Wei\u00df G\u00f6rlitz 09 e.V. Gr\u00f6\u00dfe 37x26cm gro\u00df 15,00 Euro Gr\u00f6\u00dfe 17x12cm klein 10,00 Euro Gern senden wir Dir\/Ihnen den gew\u00fcnschten Artikel zu. Wir berechnen daf\u00fcr pauschal 5,90 [&hellip;]","og_url":"https:\/\/www.nfv09.de\/home\/fanartikel\/","og_site_name":"NFV Gelb-Wei\u00df G\u00f6rlitz 09 e.V.","article_modified_time":"2025-01-14T17:55:10+00:00","og_image":[{"url":"http:\/\/www.nfv09.de\/home\/wp-content\/uploads\/2022\/10\/Blechtafel1-1-1024x683.jpg","type":"","width":"","height":""}],"twitter_card":"summary_large_image","twitter_misc":{"Gesch\u00e4tzte Lesezeit":"2\u00a0Minuten"},"schema":{"@context":"https:\/\/schema.org","@graph":[{"@type":"WebPage","@id":"https:\/\/www.nfv09.de\/home\/fanartikel\/","url":"https:\/\/www.nfv09.de\/home\/fanartikel\/","name":"Fanartikel - NFV Gelb-Wei\u00df G\u00f6rlitz 09 e.V.","isPartOf":{"@id":"https:\/\/www.nfv09.de\/home\/#website"},"primaryImageOfPage":{"@id":"https:\/\/www.nfv09.de\/home\/fanartikel\/#primaryimage"},"image":{"@id":"https:\/\/www.nfv09.de\/home\/fanartikel\/#primaryimage"},"thumbnailUrl":"http:\/\/www.nfv09.de\/home\/wp-content\/uploads\/2022\/10\/Blechtafel1-1-1024x683.jpg","datePublished":"2022-10-18T16:00:38+00:00","dateModified":"2025-01-14T17:55:10+00:00","breadcrumb":{"@id":"https:\/\/www.nfv09.de\/home\/fanartikel\/#breadcrumb"},"inLanguage":"de","potentialAction":[{"@type":"ReadAction","target":["https:\/\/www.nfv09.de\/home\/fanartikel\/"]}]},{"@type":"ImageObject","inLanguage":"de","@id":"https:\/\/www.nfv09.de\/home\/fanartikel\/#primaryimage","url":"http:\/\/www.nfv09.de\/home\/wp-content\/uploads\/2022\/10\/Blechtafel1-1-1024x683.jpg","contentUrl":"http:\/\/www.nfv09.de\/home\/wp-content\/uploads\/2022\/10\/Blechtafel1-1-1024x683.jpg"},{"@type":"BreadcrumbList","@id":"https:\/\/www.nfv09.de\/home\/fanartikel\/#breadcrumb","itemListElement":[{"@type":"ListItem","position":1,"name":"Startseite","item":"https:\/\/www.nfv09.de\/home\/"},{"@type":"ListItem","position":2,"name":"Fanartikel"}]},{"@type":"WebSite","@id":"https:\/\/www.nfv09.de\/home\/#website","url":"https:\/\/www.nfv09.de\/home\/","name":"NFV Gelb-Wei\u00df G\u00f6rlitz 09 e.V.","description":"Sachsenklasse Ost","publisher":{"@id":"https:\/\/www.nfv09.de\/home\/#\/schema\/person\/ed693ed28e6e4b3f80b32447b2b6cbc7"},"potentialAction":[{"@type":"SearchAction","target":{"@type":"EntryPoint","urlTemplate":"https:\/\/www.nfv09.de\/home\/?s={search_term_string}"},"query-input":{"@type":"PropertyValueSpecification","valueRequired":true,"valueName":"search_term_string"}}],"inLanguage":"de"},{"@type":["Person","Organization"],"@id":"https:\/\/www.nfv09.de\/home\/#\/schema\/person\/ed693ed28e6e4b3f80b32447b2b6cbc7","name":"Regassi","image":{"@type":"ImageObject","inLanguage":"de","@id":"https:\/\/www.nfv09.de\/home\/wp-content\/uploads\/2015\/04\/cropped-nfv-gelb-weiss-goerlitz-e1468573113314-1.gif","url":"https:\/\/www.nfv09.de\/home\/wp-content\/uploads\/2015\/04\/cropped-nfv-gelb-weiss-goerlitz-e1468573113314-1.gif","contentUrl":"https:\/\/www.nfv09.de\/home\/wp-content\/uploads\/2015\/04\/cropped-nfv-gelb-weiss-goerlitz-e1468573113314-1.gif","width":100,"height":122,"caption":"Regassi"},"logo":{"@id":"https:\/\/www.nfv09.de\/home\/wp-content\/uploads\/2015\/04\/cropped-nfv-gelb-weiss-goerlitz-e1468573113314-1.gif"}}]}},"_links":{"self":[{"href":"https:\/\/www.nfv09.de\/home\/wp-json\/wp\/v2\/pages\/3757","targetHints":{"allow":["GET"]}}],"collection":[{"href":"https:\/\/www.nfv09.de\/home\/wp-json\/wp\/v2\/pages"}],"about":[{"href":"https:\/\/www.nfv09.de\/home\/wp-json\/wp\/v2\/types\/page"}],"author":[{"embeddable":true,"href":"https:\/\/www.nfv09.de\/home\/wp-json\/wp\/v2\/users\/17"}],"replies":[{"embeddable":true,"href":"https:\/\/www.nfv09.de\/home\/wp-json\/wp\/v2\/comments?post=3757"}],"version-history":[{"count":11,"href":"https:\/\/www.nfv09.de\/home\/wp-json\/wp\/v2\/pages\/3757\/revisions"}],"predecessor-version":[{"id":4995,"href":"https:\/\/www.nfv09.de\/home\/wp-json\/wp\/v2\/pages\/3757\/revisions\/4995"}],"wp:attachment":[{"href":"https:\/\/www.nfv09.de\/home\/wp-json\/wp\/v2\/media?parent=3757"}],"curies":[{"name":"wp","href":"https:\/\/api.w.org\/{rel}","templated":true}]}}