{"version":"1.0","provider_name":"NFV Gelb-Wei\u00df G\u00f6rlitz 09 e.V.","provider_url":"https:\/\/www.nfv09.de\/home","title":"Zuk\u00fcnftige Ausrichtung des NFV09 - NFV Gelb-Wei\u00df G\u00f6rlitz 09 e.V.","type":"rich","width":600,"height":338,"html":"<blockquote class=\"wp-embedded-content\" data-secret=\"7tPxdoVOVL\"><a href=\"https:\/\/www.nfv09.de\/home\/2021\/06\/16\/ausrichtung_nfv09-16-06-30-06-2-2\/\">Zuk\u00fcnftige Ausrichtung des NFV09<\/a><\/blockquote><iframe sandbox=\"allow-scripts\" security=\"restricted\" src=\"https:\/\/www.nfv09.de\/home\/2021\/06\/16\/ausrichtung_nfv09-16-06-30-06-2-2\/embed\/#?secret=7tPxdoVOVL\" width=\"600\" height=\"338\" title=\"&#8222;Zuk\u00fcnftige Ausrichtung des NFV09&#8220; &#8211; NFV Gelb-Wei\u00df G\u00f6rlitz 09 e.V.\" data-secret=\"7tPxdoVOVL\" frameborder=\"0\" marginwidth=\"0\" marginheight=\"0\" scrolling=\"no\" class=\"wp-embedded-content\"><\/iframe><script>\n\/*! This file is auto-generated *\/\n!function(d,l){\"use strict\";l.querySelector&&d.addEventListener&&\"undefined\"!=typeof URL&&(d.wp=d.wp||{},d.wp.receiveEmbedMessage||(d.wp.receiveEmbedMessage=function(e){var t=e.data;if((t||t.secret||t.message||t.value)&&!\/[^a-zA-Z0-9]\/.test(t.secret)){for(var s,r,n,a=l.querySelectorAll('iframe[data-secret=\"'+t.secret+'\"]'),o=l.querySelectorAll('blockquote[data-secret=\"'+t.secret+'\"]'),c=new RegExp(\"^https?:$\",\"i\"),i=0;i<o.length;i++)o[i].style.display=\"none\";for(i=0;i<a.length;i++)s=a[i],e.source===s.contentWindow&&(s.removeAttribute(\"style\"),\"height\"===t.message?(1e3<(r=parseInt(t.value,10))?r=1e3:~~r<200&&(r=200),s.height=r):\"link\"===t.message&&(r=new URL(s.getAttribute(\"src\")),n=new URL(t.value),c.test(n.protocol))&&n.host===r.host&&l.activeElement===s&&(d.top.location.href=t.value))}},d.addEventListener(\"message\",d.wp.receiveEmbedMessage,!1),l.addEventListener(\"DOMContentLoaded\",function(){for(var e,t,s=l.querySelectorAll(\"iframe.wp-embedded-content\"),r=0;r<s.length;r++)(t=(e=s[r]).getAttribute(\"data-secret\"))||(t=Math.random().toString(36).substring(2,12),e.src+=\"#?secret=\"+t,e.setAttribute(\"data-secret\",t)),e.contentWindow.postMessage({message:\"ready\",secret:t},\"*\")},!1)))}(window,document);\n\/\/# sourceURL=https:\/\/www.nfv09.de\/home\/wp-includes\/js\/wp-embed.min.js\n<\/script>\n","thumbnail_url":"https:\/\/www.nfv09.de\/home\/wp-content\/uploads\/2021\/05\/der_vorstand_informiert.jpg","thumbnail_width":1920,"thumbnail_height":828,"description":"Dein neuer Vorstand m\u00f6chte mit Dir den Verein NFV GELB-WEI\u00df G\u00d6RLITZ 09 E.V. weiterf\u00fchren und mit Leben erf\u00fcllen, damit die Zukunft in Tradition weiterlebt! Pr\u00e4sidentCarsten LiebigVorsitzenderJens EichbergVorstand FinanzenUwe V\u00fcllingsVorstand NachwuchsClemens SimonVorstand SportPeter HasseVorstand \u00d6ffentlichkeitBenjamin BleyVorstand TechnikJens Tr\u00e4ger Eintragung im Vereinsregister vom 28.05.2021 Fakten sagen viel aus:Die Erfolgsspur des Vereins wurde mit dem sportlichen Abstieg der [&hellip;]"}