{"version":"1.0","provider_name":"NFV Gelb-Wei\u00df G\u00f6rlitz 09 e.V.","provider_url":"https:\/\/www.nfv09.de\/home","title":"Der SFV trauert um Hans Ermlich - NFV Gelb-Wei\u00df G\u00f6rlitz 09 e.V.","type":"rich","width":600,"height":338,"html":"<blockquote class=\"wp-embedded-content\" data-secret=\"CxUi2wzSKm\"><a href=\"https:\/\/www.nfv09.de\/home\/2018\/10\/03\/der-sfv-trauert-um-hans-ermlich\/\">Der SFV trauert um Hans Ermlich<\/a><\/blockquote><iframe sandbox=\"allow-scripts\" security=\"restricted\" src=\"https:\/\/www.nfv09.de\/home\/2018\/10\/03\/der-sfv-trauert-um-hans-ermlich\/embed\/#?secret=CxUi2wzSKm\" width=\"600\" height=\"338\" title=\"&#8222;Der SFV trauert um Hans Ermlich&#8220; &#8211; NFV Gelb-Wei\u00df G\u00f6rlitz 09 e.V.\" data-secret=\"CxUi2wzSKm\" frameborder=\"0\" marginwidth=\"0\" marginheight=\"0\" scrolling=\"no\" class=\"wp-embedded-content\"><\/iframe><script>\n\/*! This file is auto-generated *\/\n!function(d,l){\"use strict\";l.querySelector&&d.addEventListener&&\"undefined\"!=typeof URL&&(d.wp=d.wp||{},d.wp.receiveEmbedMessage||(d.wp.receiveEmbedMessage=function(e){var t=e.data;if((t||t.secret||t.message||t.value)&&!\/[^a-zA-Z0-9]\/.test(t.secret)){for(var s,r,n,a=l.querySelectorAll('iframe[data-secret=\"'+t.secret+'\"]'),o=l.querySelectorAll('blockquote[data-secret=\"'+t.secret+'\"]'),c=new RegExp(\"^https?:$\",\"i\"),i=0;i<o.length;i++)o[i].style.display=\"none\";for(i=0;i<a.length;i++)s=a[i],e.source===s.contentWindow&&(s.removeAttribute(\"style\"),\"height\"===t.message?(1e3<(r=parseInt(t.value,10))?r=1e3:~~r<200&&(r=200),s.height=r):\"link\"===t.message&&(r=new URL(s.getAttribute(\"src\")),n=new URL(t.value),c.test(n.protocol))&&n.host===r.host&&l.activeElement===s&&(d.top.location.href=t.value))}},d.addEventListener(\"message\",d.wp.receiveEmbedMessage,!1),l.addEventListener(\"DOMContentLoaded\",function(){for(var e,t,s=l.querySelectorAll(\"iframe.wp-embedded-content\"),r=0;r<s.length;r++)(t=(e=s[r]).getAttribute(\"data-secret\"))||(t=Math.random().toString(36).substring(2,12),e.src+=\"#?secret=\"+t,e.setAttribute(\"data-secret\",t)),e.contentWindow.postMessage({message:\"ready\",secret:t},\"*\")},!1)))}(window,document);\n\/\/# sourceURL=https:\/\/www.nfv09.de\/home\/wp-includes\/js\/wp-embed.min.js\n<\/script>\n","thumbnail_url":"https:\/\/www.nfv09.de\/home\/wp-content\/uploads\/2018\/10\/IMG_3997.jpg","thumbnail_width":4032,"thumbnail_height":3024,"description":"Hans Ermlich hat in seiner Zeit beim S\u00e4chsischen Fu\u00dfball-Verband unz\u00e4hlige Trainer aus- und weitergebildet. Im Alter von 74 Jahren ist Hans Ermlich am letzten Wochenende verstorben. Hans Ermlich war der dienst\u00e4lteste Referent in der Trainerausbildung des S\u00e4chsischen Fu\u00dfball-Verbandes und wurde zur gleichen Zeit im letzten Jahr geb\u00fchrend vom Ausschuss Qualifizierung verabschiedet. Am letzten Wochenende ist [&hellip;]"}